{"id":373,"date":"2014-11-25T15:38:00","date_gmt":"2014-11-25T14:38:00","guid":{"rendered":"http:\/\/creative-startup.eu\/?page_id=373"},"modified":"2017-02-02T08:12:24","modified_gmt":"2017-02-02T07:12:24","slug":"edukacija-2","status":"publish","type":"page","link":"https:\/\/creative-startup.org\/sl\/edukacija-2\/","title":{"rendered":"Edukacija"},"content":{"rendered":"<p>Usposabljanje podjetnikov kreativcev za\u010detnikov je na\u010drtovano z organizacijo edukacijskih delavnic in \u0161tudijskih obiskov s ciljem dviga kapacitet sektorja pod vodstvom Visoke \u0161ole za dizajn ob sodelovanju vseh partnerjev. Z edukacijo se kreativcem v treh fazah pomaga pri zagonu lastnega podjetja, na\u010drtovanju in pozicioniranju na trgu, vse to pa kot podpora podjetni\u0161tvu.<\/p>\n<h2>MOTIVACIJSKI SEMINAR<\/h2>\n<p>Prva faza je izvedba nekoliko motivacijskih seminarjev za kreativce,\u00a0 kjer se bodo le-ti seznanili z mo\u017enimi ovirami pri zagonu poslovanja in tudi z na\u010dini, kako se jim izogniti ali jih naju\u010dinkoviteje amortizirati.<\/p>\n<h2>DELAVNICE<\/h2>\n<p>V tej fazi edukacije bodo potekale \u0161tevilne delavnice za kreativce, kjer se bodo le-ti nau\u010dili, kako zagnati poslovanje in nato uspe\u0161no voditi majhno\/srednje podjetje. V na\u010drtu je 18 delavnic za 150 udele\u017eencev in ena delavnica, kjer se bodo predstavili kandidati za mentorje,\u00a0\u00a0kot prehodni korak v naslednjo fazo edukacije: delo z mentorjem na zagonu podjetja.<\/p>\n<h2>DELO Z MENTORJI<\/h2>\n<p>Po seznanjanju s potencialnimi te\u017eavami pri zagonu in vodenju lastnega podjetja, lahko kreativci v bazi podatkov mentorja najdejo ustreznega mentorja, s katerim bodo nadaljevali z na\u010drtovanjem razvoja podjetja. Mentorji bodo po opravljenem vabilu in zbranih prijavah izbrani ter bodo skupaj z udele\u017eencem\/udele\u017eenci edukacije razvijali poslovni na\u010drt podjetja. Na koncu obdobja mentoriranja bodo vsi kreativci in njihovi mentorji sodelovati na preprosti predstavitvi o rezultatih skupnega dela.<\/p>\n<h2>BAZA MENTORJEV<\/h2>\n<h3>Sebastjan Rosa (Slovenija)<\/h3>\n<p>Podru\u010dje djelovanja\/zanimanja: viri financiranja, svetovanje podjetnikom pri vklju\u010devanju v programe Evropske unije<\/p>\n<p>Sebastjan Rosa se je po zaklju\u010denem \u0161tudiju na Univerzi v Ljubljani leta 2004 zaposlil v podjetju Keting d.o.o. v Ajdov\u0161\u010dini, kot projektni vodja PHARE projekta \u00bbCraft Centre for Restoration\u00ab. Na UP ZRS je zaposlen od leta 2006 kot strokovni sodelavec, svetovalec za programe EU, kjer izvaja in sodeluje v ve\u010d mednarodnih projektih s podro\u010dja spodbujanja in razvoja podjetni\u0161tva ter povezovanja znanstveno-raziskovalne sfere z gospodarstvom. V letih od 2006 do 2013 se je izobra\u017eeval na mednarodnih seminarjih o programih EU v Bruslju, Londonu in Berlinu. V letu 2010 se je dodatno izobra\u017eeval tudi v okviru Erasmus izmenjave univerzitetnega osebja na Univerzi v Malagi ter Sevilli.<\/p>\n<p>Kontakt:<br \/>\nsebastjan.rosa@zrs.upr.si<br \/>\nhttp:\/\/www.zrs.upr.si\/index.php?page=addressBook&#038;item=68&#038;id=204<\/p>\n<h3>Mateja Lazar (Slovenija)<\/h3>\n<p>Podru\u010dje djelovanja\/zanimanja: Svetovanje pri kandidaturah na razpise programa Ustvarjalna Evropa in na podro\u010dju mednarodnega sodelovanja v kulturi<\/p>\n<p>\u0160tudirala sociologijo kulture in italijanski jezik. Soustanoviteljica zavoda Motovila, Center za spodbujanje sodelovanja v kulturnih in ustvarjalnih sektorjih (Motovila, Centre for the Promotion of Cooperation in the Cultural and Creative Sectors).<\/p>\n<p>Leta 2002 v okviru Zavoda za sodobno umetnost, SCCA\u2013Ljubljana (SCCA, Centre for Contemporary Arts \u2013 Ljubljana) vzpostavila Kulturno sti\u010dno to\u010dko v Sloveniji \u2013 CCP (Cultural Contact Point), nacionalno informacijsko pisarno za dve predhodni generaciji nadnacionalnih kulturnih programov EU \u2013 Kultura 2000 (2000\u20132006) in Kultura (2007\u20132013), in bila njena vodja do konca leta 2013. Od leta 2014 v okviru zavoda Motovila vodi Center Ustvarjalna Evropa v Sloveniji \u2013 CED (Creative Europe Desk), nacionalno informacijsko pisarno aktualnega programa EU Ustvarjalna Evropa (2014\u20132020), ki je namenjen spodbujanju sodelovanja, promociji in sofinanciranju evropske kulture, filma in avdiovizualnih sektorjev.<\/p>\n<p>Kontakt:<br \/>\nmateja.lazar@motovila.si<br \/>\nwww.ced-slovenia.eu<\/p>\n<h3>Domen Bole (Slovenija)<\/h3>\n<p>Podru\u010dje djelovanja\/zanimanja: Poduzetni\u0161tvo, coaching i mentorstvo u ranim fazama razvoja<\/p>\n<p>Za sabo imam ve\u010d kot 15 let mednarodnih delovnih izku\u0161enj po Evropi, pa tudi Braziliji in ZDA. Najprej kot IT strokovnjak, nato sem deloval v vodstvu ve\u010dih MSP ter soustanovil 3 podjetja. V zadnjih 8ih letih sem delal kot vodja tehnolo\u0161kega parka, vodja dveh podjetni\u0161kih inkubatorjev, organizator pospe\u0161evalnikov, v preteklosti pa tudi za privatne investitorje in investicijski\u00a0sklad. Zadnje \u010dase se najbolj ukvarjam z izvajanjem in vodenjem projektov za spodbujanje startupov in rasto\u010dih MSP ter coachingom startupov v zgodnji fazi (predvsem problem-solution fit oz. do MVP). Delam po lean metodah s ciljem razvoja do prvega financiranja. Do danes sem blizu 200 podjemom in podjetjem pomagal pri razvoju idej, poslovnih modelov in internacionalizaciji poslovanja ter organiziral ali izvedel ve\u010d kot 200 podjetni\u0161kih delavnic in predavanj doma in v tujini.<\/p>\n<p>Kontakt:<br \/>\ndomen.bole@gmail.com<\/p>\n<h3>Luka Pi\u0161kori\u010d (Slovenija)<\/h3>\n<p>Podru\u010dje djelovanja\/zanimanja: Crowdfunding (slo. mno\u017ei\u010dno financiranje)<\/p>\n<p>Luka Pi\u0161kori\u010d je razvijalec in predavatelj novih ekonomskih modelov z dolgoletnimi izku\u0161njami na razli\u010dnih poljih kreativnih industrij. Je soustanovitelj iniciativ Slovenia Coworking in Slovenia Crowdfunding ter kreativnega cetntra Poligon. Kot na\u010drtovalec in svetovalec je pomagal \u0161tevilnim slovenskim kreativcem in inovatorjem pri uspe\u0161ni izvedbi crowdfunding kampanj.<\/p>\n<p>Kontakt :<br \/>\nluka@poligon.si<br \/>\nwww.poligon.si<\/p>\n<h3>ALMINA DURAKOVI\u0106, mag. diz.(Slovenija)<\/h3>\n<p>Podro\u010dje delovanja: modno oblikovanje, oblikovanje\u00a0interjerjev\u00a0in produktno oblikovanje<\/p>\n<p>Predstavitev:<\/p>\n<ul>\n<li>je kostumografinja, modna oblikovalka, interieristka, scenografinja in oblikovalka nakita<\/li>\n<li>prejemnica nacionalnih in mednarodnih nagrad s podro\u010dja dizajna<\/li>\n<li>prejemnica zlate medalje mesta Dunaj, na mednarodnem tekmovanju modnih oblikovalcev<\/li>\n<li>njeno kostumografsko delo je s strani zdru\u017eenja evropskih umetni\u0161kih \u0161ol ELIA izbrano kot eden izmed 28 najbolj\u0161ih umetni\u0161kih projektov znotraj Evrope<\/li>\n<li>njen nakit je bil predstavljen v skupini najbolj\u0161ih slovenskih in nizozemskih oblikovalcev sodobnega nakita<\/li>\n<li>ve\u010dletna mentorica \u0161tudentom s podro\u010dja dizajna<\/li>\n<li>vodja mednarodnega projekta A.L.I.C.E.<\/li>\n<li>glavna organizatorka konceptualnih modnih revij in razstav<\/li>\n<li>prejemnica javne pohvale biv\u0161ega predsednika Slovenija prof.dr. Danila Turka, za uspe\u0161no delovanje v mednarodnem okolju<\/li>\n<li>lastnica blagovne znamke NEKKA NEKKA<\/li>\n<\/ul>\n<p>Kontakt:<br \/>\nalminadurakovic@gmail.com<\/p>\n<h3>PETRA KOCJAN\u010cI\u010c, dipl. diz. (Slovenija)<\/h3>\n<p>Podro\u010dje dela: arhitektura in oblikovanje<\/p>\n<p>Predstavitev:<\/p>\n<ul>\n<li>dolgoletno delo v gospodarstvu na podro\u010dju oblikovanja in na\u010drtovanja notranje opreme javnih in stanovanjskih objektov<\/li>\n<li>mednarodne izku\u0161nje v gospodarstvu pri na\u010drtovanju notranje opreme<\/li>\n<li>oblikovanje in razvoj tipskega pisarni\u0161kega pohi\u0161tva , tudi za ljudi s posebnimi potrebami<\/li>\n<li>znanje s podro\u010dja upravljanja z blagovnimi znamkami<\/li>\n<li>poglobljeno poznavanje ra\u010dunalni\u0161kih programov za projektiranje (npr. AutoCad)<\/li>\n<li>komuniciranje z javnostjo in svetovanje kon\u010dnim uporabnikom<\/li>\n<\/ul>\n<p>Kontakt:<br \/>\npetka.klafetka@gmail.com<\/p>\n<h3>Vanja Cuculi\u0107 (Hrva\u0161ka)<\/h3>\n<p>Podro\u010dje delovanja\/poklic: grafi\u010dno oblikovanje<\/p>\n<p>Vanja Cuculi\u0107 se je rodil 02.12.1977 na Reki. Po kon\u010dani gimnaziji se je leta 1996 vpisal na \u0161tudij oblikovanja v Zagrebu. Po diplomi leta 2000 je delal kot oblikovalec, kmalu zatem pa kot art direktor v marketin\u0161ki agenciji BBDO Zagreb. Leta 2002 je soustanovil oblikovalski studio Clinica. Med letoma 2004 in 2007 je delal kot asistent na \u0160tudiju oblikovanja pri glavnem kolegiju Projektiranje. Leta 2005 je odprl Studio Cuculi\u0107. Od 2006. je stalni sodelavec gledali\u0161\u010da Gavella. Studio sodeluje kot del kreativnega klastra (poleg podjetij Muze in Revolucija) pri \u0161tevilnih projektih s podro\u010dja oblikovanja kulturno-turisti\u010dnih destinacij in njihovih zanimivosti. Nekateri od projektov so: Ogulin, rodni kraj pravljice, Ogulinski festival pravljice, Ivanina hi\u0161a pravljic Plitvi\u0161ke doline, Ekomuzej \u010dipke in \u010dipkarstva v Lepoglavi, Pokrajinski muzej podro\u010dja Pore\u010da, Hi\u0161a olivnega olja Tar \u2013 Vabriga, Hi\u0161a tartufov v Buzetu, Hi\u0161a A. G. Mato\u0161a v Tovarniku. Projekt vizualne identitete Ogulina, rodnega kraja pravljice, je bil leta 2007 nagrajen z evropsko nagrado za oblikovanje Red Dot. Poleg navedene nagrade je Vanja Cuculi\u0107 dobitnik \u0161e sedmih nagrad Red Dota. Nekatera druga priznanja so \u0161e: Identity Best of the Best, Summit Creative Award, BIO, HOW, International Poster Biennale Teheran, International Theatre Poster Biennale Rzeszow, European Design Award, Magdalena, Zgraf, Biennale gledali\u0161kih plakatov v Vara\u017edinu). Njegova dela so objavljena v ve\u010dini priznanih revij za grafi\u010dno oblikovanje (Print, Graphis, Novum, Kak\u2026). Kot mentor je v sklopu festivala HiBrand 2008 v Moskvi vodil dve mednarodni delavnici. Vodil je tudi delavnico za \u0161tudente v Vara\u017edinu (\u0160tudij oblikovanja na \u0160pancir festu 2012) in v Beogradu (Univerzalni vojnik 2013)<\/p>\n<p>Kontakt:<br \/>\nvanja@studio-cuculic.hr<br \/>\nhttp:\/\/www.studio-cuculic.hr\/<\/p>\n<h3>Svjetlana Despot (Hrva\u0161ka)<\/h3>\n<p>Podro\u010dje delovanja\/poklic: produkt dizajn<\/p>\n<p>\u0160tudirala je na Fakulteti za gradbeni\u0161tvo na Reki, obiskovala je zasebno \u0161olo za notranje oblikovanje na Fakulteti za arhitekturo v Beogradu. Izpopolnjevala se je na Chelsea College of Art and Design v Londonu. Leta 1992 je ustanovila oblikovalski center DataDecor, v katerem dela kot kreativni direktor. Center se od svojih za\u010detkov ukvarja z oblikovanjem in proizvodnjo uporabnih predmetov. Poleg DataDecor je ustanovila zasebni oblikovalski studio Svjetlana Despot &amp; CO, ki se ukvarja z notranjim oblikovanjem in oblikovanjem izdelkov. Je \u010dlanica Hrva\u0161kega dru\u0161tva oblikovalcev. Je oblikovalka in lastnica blagovne znamke Data by Despot. Je dobitnica mednarodnih in doma\u010dih nagrad. Njeni izdelki so razstavljeni v \u0161tevilnih spo\u0161tovanja vrednih objektih in muzejih. Je avtorica \u0161tevilnih razstav in postavitev. Razvila je celo vrsto unikatnih izdelkov za znanega kupca do izdelkov, ki jih hrva\u0161ka industrija serijsko proizvaja. Projektirala je veliko zasebnih in poslovnih prostorov. Sodelovala je pri \u0161tevilnih razstavah in sejmih na Hrva\u0161kem in v tujini. Kot mentor vodi delavnico Start Up Inkubator Reka.<\/p>\n<p>Kontakt:<br \/>\ninfo@data.com.hr<br \/>\nhttp:\/\/databydespot.com\/<\/p>\n<h3>Ana Jergovi\u0107 (Hrva\u0161ka)<\/h3>\n<p>Podro\u010dje delovanja\/poklic: marketing<\/p>\n<p>Kon\u010dala je Filozofsko fakulteto dru\u017ebenih znanosti v Zagrebu ter magistrirala na COTRUGLI Business School (Executive Master of Business Administration (MBA). Je soustanoviteljica in izvr\u0161na direktorica kreativne agencije IDEOTEKA v Zagrebu, za razvoj marketinga in brendiranje izdelkov, ukvarja pa se z oblikovanjem marketin\u0161kih kampanj ter nudi izobra\u017eevanje na podro\u010dju marketinga (komunikacijske in predstavitvene ve\u0161\u010dine, brendiranje, organizacija javno\/predstavitvenih dogodkov in odnosi z javnostjo), spodbuja razvoj Startup scene v regiji ter vzpostavlja poslovne odnose med mediji in strankami.<\/p>\n<p>Dela kot mentorica v Startup inkubatorju Reka, je \u010dlanica NMSBA (Neuromarketing Science and Business Association) ter kot organizator sodeluje pri na\u010drtovanju in financiranju poletne \u0161ole Auslandsgesellschaft Sachsen\u2010Anhalt, Magdeburg, Nem\u010dija.<\/p>\n<p>Kontakt:<br \/>\nana.jergovich@gmail.com<br \/>\nhttp:\/\/ideoteka.com\/<\/p>\n<h3>Matija Raos (Hrva\u0161ka)<\/h3>\n<p>Po ambicioznih \u0161tudentskih projektih med \u0161tudijem oblikovanja do Momentuma (McCann), velike agencije, v kateri je delal kot transdisciplinarni kreativni direktor, in vse do freelance anga\u017emajev in samostojnih projektov, sta za Matijo Raosa sodelovanje in sinergija vedno predstavljala najdragocenej\u0161i sestavini dela. Izku\u0161nje s podro\u010dja zasnove, realizacije in upravljanja s kreativnimi procesi za nekatere od najve\u010djih blagovnih znamk znotraj korporativnega okolja ter zunanjega sodelovanja s \u0161tevilnimi posamezniki, organizacijami in podjetji so mu vzbudile zanimanje za coworking. Povezan je s \u0161tevilnimi tujimi strokovnjaki, prakso pa je pridobil s soorganizacijo in prilagoditvijo ve\u010d kot 30 tematskih pop-up coworking dogodkov na Hrva\u0161kem ter ve\u010d kot 40 gostovanj na Hrva\u0161kem in v Evropi.<\/p>\n<p>Je za\u010detnik iniciative Coworking Croatia, s \u010dimer je razvil mo\u010dan notranji poklic (in odgovornost) za razvoj lokalnega freelance gibanja, v katerem igrajo klju\u010dno vlogo vrednote coworkinga (sodelovanje, odprtost, dostopnost, skupnost in trajnost). Je ambasador Hrva\u0161kega dru\u0161tva neodvisnih profesionalcev (HDNP), gibanja Freelancers Europe, Evropske Coworking konference, mre\u017ee Alpe Adria Coworking in platforme Copass.<\/p>\n<p>Kontakt:<br \/>\nmatija.raos@coworking.hr<br \/>\nhttp:\/\/bit.ly\/MatijaRaos<br \/>\nwww.hdnp.hr<br \/>\nwww.coworking.hr<\/p>\n","protected":false},"excerpt":{"rendered":"<p>Usposabljanje podjetnikov kreativcev za\u010detnikov je na\u010drtovano z organizacijo edukacijskih delavnic in \u0161tudijskih obiskov s ciljem dviga kapacitet sektorja pod vodstvom Visoke \u0161ole za dizajn ob sodelovanju vseh partnerjev. Z edukacijo se kreativcem v treh fazah pomaga pri zagonu lastnega podjetja, na\u010drtovanju in pozicioniranju na trgu, vse to pa kot podpora podjetni\u0161tvu. MOTIVACIJSKI SEMINAR Prva faza [&hellip;]<\/p>\n","protected":false},"author":1,"featured_media":0,"parent":0,"menu_order":0,"comment_status":"closed","ping_status":"closed","template":"","meta":{"footnotes":""},"class_list":["post-373","page","type-page","status-publish","hentry"],"yoast_head":"<!-- This site is optimized with the Yoast SEO plugin v27.5 - https:\/\/yoast.com\/product\/yoast-seo-wordpress\/ -->\n<title>Edukacija &#8226; Creative Startup Rijeka<\/title>\n<meta name=\"description\" content=\"Usposabljanje podjetnikov kreativcev za\u010detnikov je na\u010drtovano z organizacijo edukacijskih delavnic in \u0161tudijskih obiskov s ciljem dviga kapacitet sektorja\" \/>\n<meta name=\"robots\" content=\"index, follow, max-snippet:-1, max-image-preview:large, max-video-preview:-1\" \/>\n<link rel=\"canonical\" href=\"https:\/\/creative-startup.org\/sl\/edukacija-2\/\" \/>\n<meta property=\"og:locale\" content=\"en_US\" \/>\n<meta property=\"og:type\" content=\"article\" \/>\n<meta property=\"og:title\" content=\"Edukacija &#8226; Creative Startup Rijeka\" \/>\n<meta property=\"og:description\" content=\"Usposabljanje podjetnikov kreativcev za\u010detnikov je na\u010drtovano z organizacijo edukacijskih delavnic in \u0161tudijskih obiskov s ciljem dviga kapacitet sektorja\" \/>\n<meta property=\"og:url\" content=\"https:\/\/creative-startup.org\/sl\/edukacija-2\/\" \/>\n<meta property=\"og:site_name\" content=\"Creative Startup Rijeka\" \/>\n<meta property=\"article:publisher\" content=\"https:\/\/www.facebook.com\/creative.startup.rijeka\" \/>\n<meta property=\"article:modified_time\" content=\"2017-02-02T07:12:24+00:00\" \/>\n<meta name=\"twitter:label1\" content=\"Est. reading time\" \/>\n\t<meta name=\"twitter:data1\" content=\"9 minutes\" \/>\n<script type=\"application\/ld+json\" class=\"yoast-schema-graph\">{\"@context\":\"https:\\\/\\\/schema.org\",\"@graph\":[{\"@type\":\"WebPage\",\"@id\":\"https:\\\/\\\/creative-startup.org\\\/sl\\\/edukacija-2\\\/\",\"url\":\"https:\\\/\\\/creative-startup.org\\\/sl\\\/edukacija-2\\\/\",\"name\":\"Edukacija &#8226; Creative Startup Rijeka\",\"isPartOf\":{\"@id\":\"https:\\\/\\\/creative-startup.org\\\/#website\"},\"datePublished\":\"2014-11-25T14:38:00+00:00\",\"dateModified\":\"2017-02-02T07:12:24+00:00\",\"description\":\"Usposabljanje podjetnikov kreativcev za\u010detnikov je na\u010drtovano z organizacijo edukacijskih delavnic in \u0161tudijskih obiskov s ciljem dviga kapacitet sektorja\",\"breadcrumb\":{\"@id\":\"https:\\\/\\\/creative-startup.org\\\/sl\\\/edukacija-2\\\/#breadcrumb\"},\"inLanguage\":\"sl\",\"potentialAction\":[{\"@type\":\"ReadAction\",\"target\":[\"https:\\\/\\\/creative-startup.org\\\/sl\\\/edukacija-2\\\/\"]}]},{\"@type\":\"BreadcrumbList\",\"@id\":\"https:\\\/\\\/creative-startup.org\\\/sl\\\/edukacija-2\\\/#breadcrumb\",\"itemListElement\":[{\"@type\":\"ListItem\",\"position\":1,\"name\":\"Po\u010detna\",\"item\":\"https:\\\/\\\/creative-startup.org\\\/\"},{\"@type\":\"ListItem\",\"position\":2,\"name\":\"Edukacija\"}]},{\"@type\":\"WebSite\",\"@id\":\"https:\\\/\\\/creative-startup.org\\\/#website\",\"url\":\"https:\\\/\\\/creative-startup.org\\\/\",\"name\":\"Creative Startup Rijeka\",\"description\":\"Konkurentnost kreativnog sektora \\\/ Hrvatska i Slovenija\",\"potentialAction\":[{\"@type\":\"SearchAction\",\"target\":{\"@type\":\"EntryPoint\",\"urlTemplate\":\"https:\\\/\\\/creative-startup.org\\\/?s={search_term_string}\"},\"query-input\":{\"@type\":\"PropertyValueSpecification\",\"valueRequired\":true,\"valueName\":\"search_term_string\"}}],\"inLanguage\":\"sl\"}]}<\/script>\n<!-- \/ Yoast SEO plugin. -->","yoast_head_json":{"title":"Edukacija &#8226; Creative Startup Rijeka","description":"Usposabljanje podjetnikov kreativcev za\u010detnikov je na\u010drtovano z organizacijo edukacijskih delavnic in \u0161tudijskih obiskov s ciljem dviga kapacitet sektorja","robots":{"index":"index","follow":"follow","max-snippet":"max-snippet:-1","max-image-preview":"max-image-preview:large","max-video-preview":"max-video-preview:-1"},"canonical":"https:\/\/creative-startup.org\/sl\/edukacija-2\/","og_locale":"en_US","og_type":"article","og_title":"Edukacija &#8226; Creative Startup Rijeka","og_description":"Usposabljanje podjetnikov kreativcev za\u010detnikov je na\u010drtovano z organizacijo edukacijskih delavnic in \u0161tudijskih obiskov s ciljem dviga kapacitet sektorja","og_url":"https:\/\/creative-startup.org\/sl\/edukacija-2\/","og_site_name":"Creative Startup Rijeka","article_publisher":"https:\/\/www.facebook.com\/creative.startup.rijeka","article_modified_time":"2017-02-02T07:12:24+00:00","twitter_misc":{"Est. reading time":"9 minutes"},"schema":{"@context":"https:\/\/schema.org","@graph":[{"@type":"WebPage","@id":"https:\/\/creative-startup.org\/sl\/edukacija-2\/","url":"https:\/\/creative-startup.org\/sl\/edukacija-2\/","name":"Edukacija &#8226; Creative Startup Rijeka","isPartOf":{"@id":"https:\/\/creative-startup.org\/#website"},"datePublished":"2014-11-25T14:38:00+00:00","dateModified":"2017-02-02T07:12:24+00:00","description":"Usposabljanje podjetnikov kreativcev za\u010detnikov je na\u010drtovano z organizacijo edukacijskih delavnic in \u0161tudijskih obiskov s ciljem dviga kapacitet sektorja","breadcrumb":{"@id":"https:\/\/creative-startup.org\/sl\/edukacija-2\/#breadcrumb"},"inLanguage":"sl","potentialAction":[{"@type":"ReadAction","target":["https:\/\/creative-startup.org\/sl\/edukacija-2\/"]}]},{"@type":"BreadcrumbList","@id":"https:\/\/creative-startup.org\/sl\/edukacija-2\/#breadcrumb","itemListElement":[{"@type":"ListItem","position":1,"name":"Po\u010detna","item":"https:\/\/creative-startup.org\/"},{"@type":"ListItem","position":2,"name":"Edukacija"}]},{"@type":"WebSite","@id":"https:\/\/creative-startup.org\/#website","url":"https:\/\/creative-startup.org\/","name":"Creative Startup Rijeka","description":"Konkurentnost kreativnog sektora \/ Hrvatska i Slovenija","potentialAction":[{"@type":"SearchAction","target":{"@type":"EntryPoint","urlTemplate":"https:\/\/creative-startup.org\/?s={search_term_string}"},"query-input":{"@type":"PropertyValueSpecification","valueRequired":true,"valueName":"search_term_string"}}],"inLanguage":"sl"}]}},"jetpack_sharing_enabled":true,"_links":{"self":[{"href":"https:\/\/creative-startup.org\/sl\/wp-json\/wp\/v2\/pages\/373","targetHints":{"allow":["GET"]}}],"collection":[{"href":"https:\/\/creative-startup.org\/sl\/wp-json\/wp\/v2\/pages"}],"about":[{"href":"https:\/\/creative-startup.org\/sl\/wp-json\/wp\/v2\/types\/page"}],"author":[{"embeddable":true,"href":"https:\/\/creative-startup.org\/sl\/wp-json\/wp\/v2\/users\/1"}],"replies":[{"embeddable":true,"href":"https:\/\/creative-startup.org\/sl\/wp-json\/wp\/v2\/comments?post=373"}],"version-history":[{"count":3,"href":"https:\/\/creative-startup.org\/sl\/wp-json\/wp\/v2\/pages\/373\/revisions"}],"predecessor-version":[{"id":1335,"href":"https:\/\/creative-startup.org\/sl\/wp-json\/wp\/v2\/pages\/373\/revisions\/1335"}],"wp:attachment":[{"href":"https:\/\/creative-startup.org\/sl\/wp-json\/wp\/v2\/media?parent=373"}],"curies":[{"name":"wp","href":"https:\/\/api.w.org\/{rel}","templated":true}]}}